{"id":40407,"date":"2025-09-26T19:26:07","date_gmt":"2025-09-26T19:26:07","guid":{"rendered":"https:\/\/ange.org.br\/ange\/?post_type=profiles&#038;p=40407"},"modified":"2026-03-28T15:11:49","modified_gmt":"2026-03-28T15:11:49","slug":"ana-luisa-de-souza-ambrosim","status":"publish","type":"profiles","link":"https:\/\/ange.org.br\/ange\/profiles\/ana-luisa-de-souza-ambrosim\/","title":{"rendered":"Ana Luisa de Souza Ambrosim"},"content":{"rendered":"\t\t<div data-elementor-type=\"wp-post\" data-elementor-id=\"40407\" class=\"elementor elementor-40407\">\n\t\t\t\t<div class=\"elementor-element elementor-element-38f81e1c e-flex e-con-boxed cmsmasters-block-default e-con e-parent\" data-id=\"38f81e1c\" data-element_type=\"container\" data-e-type=\"container\">\n\t\t\t\t\t<div class=\"e-con-inner\">\n\t\t\t\t<div class=\"elementor-element elementor-element-3de1b483 cmsmasters-block-default cmsmasters-sticky-default elementor-widget elementor-widget-text-editor\" data-id=\"3de1b483\" data-element_type=\"widget\" data-e-type=\"widget\" data-widget_type=\"text-editor.default\">\n\t\t\t\t\t\t\t\t\t\n<p>Mestranda em Economia Aplicada pela UFJF, onde tamb\u00e9m concluiu a gradua\u00e7\u00e3o em Ci\u00eancias Econ\u00f4micas, possui forma\u00e7\u00e3o t\u00e9cnica em Agroneg\u00f3cio (2019) e experi\u00eancia em pesquisas sobre economia do trabalho, g\u00eanero e pol\u00edtica. Suas \u00e1reas de interesse incluem desigualdades raciais, pol\u00edticas p\u00fablicas e economia do g\u00eanero.<\/p>\n\t\t\t\t\t\t\t\t<\/div>\n\t\t\t\t\t<\/div>\n\t\t\t\t<\/div>\n\t\t<div class=\"elementor-element elementor-element-948613a e-flex e-con-boxed cmsmasters-block-default e-con e-parent\" data-id=\"948613a\" data-element_type=\"container\" data-e-type=\"container\">\n\t\t\t\t\t<div class=\"e-con-inner\">\n\t\t\t\t<div class=\"elementor-element elementor-element-0891146 cmsmasters--custom-image-ratio cmsmasters-blog--layout-default cmsmasters-blog-grid-marker__marker-icon cmsmasters-pagination--pagination cmsmasters-pagination-pagination-type--numbers_and_prev_next cmsmasters-block-default cmsmasters-sticky-default elementor-widget elementor-widget-cmsmasters-blog-grid elementor-widget-cmsmasters-blog-similar\" data-id=\"0891146\" data-element_type=\"widget\" data-e-type=\"widget\" data-settings=\"{&quot;columns&quot;:&quot;2&quot;,&quot;blog_layout&quot;:&quot;default&quot;,&quot;columns_mobile&quot;:&quot;1&quot;,&quot;blog_post_type&quot;:&quot;post&quot;,&quot;query_control_prefix&quot;:&quot;blog&quot;,&quot;post_gap_column&quot;:{&quot;unit&quot;:&quot;px&quot;,&quot;size&quot;:&quot;&quot;,&quot;sizes&quot;:[]},&quot;post_gap_column_widescreen&quot;:{&quot;unit&quot;:&quot;px&quot;,&quot;size&quot;:&quot;&quot;,&quot;sizes&quot;:[]},&quot;post_gap_column_tablet&quot;:{&quot;unit&quot;:&quot;px&quot;,&quot;size&quot;:&quot;&quot;,&quot;sizes&quot;:[]},&quot;post_gap_row&quot;:{&quot;unit&quot;:&quot;px&quot;,&quot;size&quot;:&quot;&quot;,&quot;sizes&quot;:[]},&quot;post_gap_row_widescreen&quot;:{&quot;unit&quot;:&quot;px&quot;,&quot;size&quot;:&quot;&quot;,&quot;sizes&quot;:[]},&quot;post_gap_row_tablet&quot;:{&quot;unit&quot;:&quot;px&quot;,&quot;size&quot;:&quot;&quot;,&quot;sizes&quot;:[]},&quot;post_gap_row_mobile&quot;:{&quot;unit&quot;:&quot;px&quot;,&quot;size&quot;:&quot;&quot;,&quot;sizes&quot;:[]},&quot;border_columns_type&quot;:&quot;solid&quot;,&quot;border_vertical_width&quot;:{&quot;unit&quot;:&quot;px&quot;,&quot;size&quot;:1,&quot;sizes&quot;:[]},&quot;border_vertical_width_widescreen&quot;:{&quot;unit&quot;:&quot;px&quot;,&quot;size&quot;:&quot;&quot;,&quot;sizes&quot;:[]},&quot;border_vertical_width_tablet&quot;:{&quot;unit&quot;:&quot;px&quot;,&quot;size&quot;:&quot;&quot;,&quot;sizes&quot;:[]},&quot;border_vertical_width_mobile&quot;:{&quot;unit&quot;:&quot;px&quot;,&quot;size&quot;:&quot;&quot;,&quot;sizes&quot;:[]},&quot;border_horizontal_width&quot;:{&quot;unit&quot;:&quot;px&quot;,&quot;size&quot;:&quot;&quot;,&quot;sizes&quot;:[]},&quot;border_horizontal_width_widescreen&quot;:{&quot;unit&quot;:&quot;px&quot;,&quot;size&quot;:&quot;&quot;,&quot;sizes&quot;:[]},&quot;border_horizontal_width_tablet&quot;:{&quot;unit&quot;:&quot;px&quot;,&quot;size&quot;:&quot;&quot;,&quot;sizes&quot;:[]},&quot;border_horizontal_width_mobile&quot;:{&quot;unit&quot;:&quot;px&quot;,&quot;size&quot;:&quot;&quot;,&quot;sizes&quot;:[]},&quot;pagination_show&quot;:&quot;yes&quot;,&quot;pagination_type&quot;:&quot;pagination&quot;,&quot;pagination_via_ajax&quot;:&quot;yes&quot;,&quot;pagination_save_state&quot;:&quot;yes&quot;}\" data-widget_type=\"cmsmasters-blog-grid.default\" data-document-id=\"40407\">\n\t\t\t\t\t<div class=\"cmsmasters-blog cmsmasters-blog-grid cmsmasters-blog--type-default\"><div class=\"cmsmasters-blog__posts-variable\"><div class=\"cmsmasters-blog__posts-wrap\"><div class=\"cmsmasters-blog__posts\"><article id=\"post-41251\" class=\"cmsmasters-blog__post post-41251 post type-post status-publish format-standard hentry category-ana-luisa-de-souza-ambrosim\"><div class=\"cmsmasters-blog__post-inner\"><h3 class=\"cmsmasters-blog__post-title\"><a href=\"https:\/\/ange.org.br\/ange\/2026\/03\/16\/countervailing-dynamics-in-the-labor-market-education-and-task-demand-in-brazil\/\">Countervailing Dynamics in the Labor Market: Education and Task Demand in Brazil<\/a><\/h3><div class=\"cmsmasters-blog__post-excerpt\">Anais de Congresso (53\u00ba ANPEC) Ana Lu\u00edsa de Souza Ambrosim; Pedro Henrique Brand\u00e3o Leite; Ricardo da Silva Freguglia 2025 Dispon\u00edvel em: https:\/\/en.anpec.org.br\/calendar\/53_Encontro_Nacional_de_Economia-Programacao_DEFINITIVA-v10-202512181231.pdf<\/div><\/div><\/article><article id=\"post-41249\" class=\"cmsmasters-blog__post post-41249 post type-post status-publish format-standard hentry category-ana-luisa-de-souza-ambrosim\"><div class=\"cmsmasters-blog__post-inner\"><h3 class=\"cmsmasters-blog__post-title\"><a href=\"https:\/\/ange.org.br\/ange\/2026\/03\/16\/analise-interseccional-das-desigualdades-raciais-e-de-genero-no-emprego\/\">An\u00e1lise Interseccional das Desigualdades Raciais e de G\u00eanero no Emprego<\/a><\/h3><div class=\"cmsmasters-blog__post-excerpt\">Relat\u00f3rio de Pesquisa Ana Lu\u00edsa de Souza Ambrosim 2024<\/div><\/div><\/article><article id=\"post-41246\" class=\"cmsmasters-blog__post post-41246 post type-post status-publish format-standard hentry category-ana-luisa-de-souza-ambrosim\"><div class=\"cmsmasters-blog__post-inner\"><h3 class=\"cmsmasters-blog__post-title\"><a href=\"https:\/\/ange.org.br\/ange\/2026\/03\/16\/dinamicas-de-genero-e-o-impacto-da-segregacao-nos-salarios-reais\/\">Din\u00e2micas de G\u00eanero e o Impacto da Segrega\u00e7\u00e3o nos Sal\u00e1rios Reais<\/a><\/h3><div class=\"cmsmasters-blog__post-excerpt\">Artigo em Anais (ANPEC Nacional) Ana Lu\u00edsa de Souza Ambrosim (et al.) 2022 Dispon\u00edvel em: https:\/\/repositorio.ufjf.br\/jspui\/handle\/ufjf\/18194?locale=pt_BR<\/div><\/div><\/article><article id=\"post-41244\" class=\"cmsmasters-blog__post post-41244 post type-post status-publish format-standard hentry category-ana-luisa-de-souza-ambrosim\"><div class=\"cmsmasters-blog__post-inner\"><h3 class=\"cmsmasters-blog__post-title\"><a href=\"https:\/\/ange.org.br\/ange\/2026\/03\/16\/desigualdade-de-genero-no-mercado-de-trabalho-brasileiro-uma-analise-sobre-a-segregacao-ocupacional\/\">Desigualdade de g\u00eanero no mercado de trabalho brasileiro: uma an\u00e1lise sobre a segrega\u00e7\u00e3o ocupacional<\/a><\/h3><div class=\"cmsmasters-blog__post-excerpt\">Monografia de Gradua\u00e7\u00e3o Ana Lu\u00edsa de Souza Ambrosim; Ricardo da Silva Freguglia 2022 Dispon\u00edvel em: https:\/\/repositorio.ufjf.br\/jspui\/handle\/ufjf\/18194<\/div><\/div><\/article><\/div><\/div><\/div><\/div>\t\t\t\t<\/div>\n\t\t\t\t\t<\/div>\n\t\t\t\t<\/div>\n\t\t\t\t<\/div>\n\t\t","protected":false},"featured_media":41346,"template":"","meta":{"_acf_changed":false},"profile_category":[],"class_list":["post-40407","profiles","type-profiles","status-publish","has-post-thumbnail","hentry"],"acf":[],"_links":{"self":[{"href":"https:\/\/ange.org.br\/ange\/wp-json\/wp\/v2\/profiles\/40407","targetHints":{"allow":["GET"]}}],"collection":[{"href":"https:\/\/ange.org.br\/ange\/wp-json\/wp\/v2\/profiles"}],"about":[{"href":"https:\/\/ange.org.br\/ange\/wp-json\/wp\/v2\/types\/profiles"}],"version-history":[{"count":6,"href":"https:\/\/ange.org.br\/ange\/wp-json\/wp\/v2\/profiles\/40407\/revisions"}],"predecessor-version":[{"id":40881,"href":"https:\/\/ange.org.br\/ange\/wp-json\/wp\/v2\/profiles\/40407\/revisions\/40881"}],"wp:featuredmedia":[{"embeddable":true,"href":"https:\/\/ange.org.br\/ange\/wp-json\/wp\/v2\/media\/41346"}],"wp:attachment":[{"href":"https:\/\/ange.org.br\/ange\/wp-json\/wp\/v2\/media?parent=40407"}],"wp:term":[{"taxonomy":"profile_category","embeddable":true,"href":"https:\/\/ange.org.br\/ange\/wp-json\/wp\/v2\/profile_category?post=40407"}],"curies":[{"name":"wp","href":"https:\/\/api.w.org\/{rel}","templated":true}]}}