{"id":40611,"date":"2025-09-29T19:12:01","date_gmt":"2025-09-29T19:12:01","guid":{"rendered":"https:\/\/ange.org.br\/ange\/?post_type=profiles&#038;p=40611"},"modified":"2026-03-28T15:31:05","modified_gmt":"2026-03-28T15:31:05","slug":"jaime-winter-leon","status":"publish","type":"profiles","link":"https:\/\/ange.org.br\/ange\/profiles\/jaime-winter-leon\/","title":{"rendered":"Jaime Winter Le\u00f3n"},"content":{"rendered":"\t\t<div data-elementor-type=\"wp-post\" data-elementor-id=\"40611\" class=\"elementor elementor-40611\">\n\t\t\t\t<div class=\"elementor-element elementor-element-74d042f9 e-flex e-con-boxed cmsmasters-block-default e-con e-parent\" data-id=\"74d042f9\" data-element_type=\"container\" data-e-type=\"container\">\n\t\t\t\t\t<div class=\"e-con-inner\">\n\t\t\t\t<div class=\"elementor-element elementor-element-183743c5 cmsmasters-block-default cmsmasters-sticky-default elementor-widget elementor-widget-text-editor\" data-id=\"183743c5\" data-element_type=\"widget\" data-e-type=\"widget\" data-widget_type=\"text-editor.default\">\n\t\t\t\t\t\t\t\t\t\n<p>Bacharel em Ci\u00eancias Econ\u00f4micas pela UFRJ, mestre em Teoria Econ\u00f4mica pela Unicamp; Doutor em Economia pela UFRJ; Professor da UFRJ; Forma\u00e7\u00e3o Econ\u00f4mica do Brasil, Economia Brasileira Contempor\u00e2nea, Capitalismo e Escravid\u00e3o<\/p>\n\t\t\t\t\t\t\t\t<\/div>\n\t\t\t\t\t<\/div>\n\t\t\t\t<\/div>\n\t\t<div class=\"elementor-element elementor-element-bdc16ab e-flex e-con-boxed cmsmasters-block-default e-con e-parent\" data-id=\"bdc16ab\" data-element_type=\"container\" data-e-type=\"container\">\n\t\t\t\t\t<div class=\"e-con-inner\">\n\t\t\t\t<div class=\"elementor-element elementor-element-1412c57 cmsmasters--custom-image-ratio cmsmasters-blog--layout-default cmsmasters-blog-grid-marker__marker-icon cmsmasters-pagination--pagination cmsmasters-pagination-pagination-type--numbers_and_prev_next cmsmasters-block-default cmsmasters-sticky-default elementor-widget elementor-widget-cmsmasters-blog-grid elementor-widget-cmsmasters-blog-similar\" data-id=\"1412c57\" data-element_type=\"widget\" data-e-type=\"widget\" data-settings=\"{&quot;columns&quot;:&quot;2&quot;,&quot;blog_layout&quot;:&quot;default&quot;,&quot;columns_mobile&quot;:&quot;1&quot;,&quot;blog_post_type&quot;:&quot;post&quot;,&quot;query_control_prefix&quot;:&quot;blog&quot;,&quot;post_gap_column&quot;:{&quot;unit&quot;:&quot;px&quot;,&quot;size&quot;:&quot;&quot;,&quot;sizes&quot;:[]},&quot;post_gap_column_widescreen&quot;:{&quot;unit&quot;:&quot;px&quot;,&quot;size&quot;:&quot;&quot;,&quot;sizes&quot;:[]},&quot;post_gap_column_tablet&quot;:{&quot;unit&quot;:&quot;px&quot;,&quot;size&quot;:&quot;&quot;,&quot;sizes&quot;:[]},&quot;post_gap_row&quot;:{&quot;unit&quot;:&quot;px&quot;,&quot;size&quot;:&quot;&quot;,&quot;sizes&quot;:[]},&quot;post_gap_row_widescreen&quot;:{&quot;unit&quot;:&quot;px&quot;,&quot;size&quot;:&quot;&quot;,&quot;sizes&quot;:[]},&quot;post_gap_row_tablet&quot;:{&quot;unit&quot;:&quot;px&quot;,&quot;size&quot;:&quot;&quot;,&quot;sizes&quot;:[]},&quot;post_gap_row_mobile&quot;:{&quot;unit&quot;:&quot;px&quot;,&quot;size&quot;:&quot;&quot;,&quot;sizes&quot;:[]},&quot;border_columns_type&quot;:&quot;solid&quot;,&quot;border_vertical_width&quot;:{&quot;unit&quot;:&quot;px&quot;,&quot;size&quot;:1,&quot;sizes&quot;:[]},&quot;border_vertical_width_widescreen&quot;:{&quot;unit&quot;:&quot;px&quot;,&quot;size&quot;:&quot;&quot;,&quot;sizes&quot;:[]},&quot;border_vertical_width_tablet&quot;:{&quot;unit&quot;:&quot;px&quot;,&quot;size&quot;:&quot;&quot;,&quot;sizes&quot;:[]},&quot;border_vertical_width_mobile&quot;:{&quot;unit&quot;:&quot;px&quot;,&quot;size&quot;:&quot;&quot;,&quot;sizes&quot;:[]},&quot;border_horizontal_width&quot;:{&quot;unit&quot;:&quot;px&quot;,&quot;size&quot;:&quot;&quot;,&quot;sizes&quot;:[]},&quot;border_horizontal_width_widescreen&quot;:{&quot;unit&quot;:&quot;px&quot;,&quot;size&quot;:&quot;&quot;,&quot;sizes&quot;:[]},&quot;border_horizontal_width_tablet&quot;:{&quot;unit&quot;:&quot;px&quot;,&quot;size&quot;:&quot;&quot;,&quot;sizes&quot;:[]},&quot;border_horizontal_width_mobile&quot;:{&quot;unit&quot;:&quot;px&quot;,&quot;size&quot;:&quot;&quot;,&quot;sizes&quot;:[]},&quot;pagination_show&quot;:&quot;yes&quot;,&quot;pagination_type&quot;:&quot;pagination&quot;,&quot;pagination_via_ajax&quot;:&quot;yes&quot;,&quot;pagination_save_state&quot;:&quot;yes&quot;}\" data-widget_type=\"cmsmasters-blog-grid.default\" data-document-id=\"40611\">\n\t\t\t\t\t<div class=\"cmsmasters-blog cmsmasters-blog-grid cmsmasters-blog--type-default\"><div class=\"cmsmasters-blog__posts-variable\"><div class=\"cmsmasters-blog__posts-wrap\"><div class=\"cmsmasters-blog__posts\"><article id=\"post-41421\" class=\"cmsmasters-blog__post post-41421 post type-post status-publish format-standard hentry category-jaime-winter-leon\"><div class=\"cmsmasters-blog__post-inner\"><h3 class=\"cmsmasters-blog__post-title\"><a href=\"https:\/\/ange.org.br\/ange\/2026\/03\/31\/a-crise-da-nova-republica-e-a-ascensao-autoritaria-no-brasil\/\">A crise da Nova Rep\u00fablica e a ascens\u00e3o autorit\u00e1ria no Brasil.<\/a><\/h3><div class=\"cmsmasters-blog__post-excerpt\">Artigo em Peri\u00f3dico (Cadernos do Desenvolvimento). LE\u00d3N, J. E. W. H.; MALTA, M. M. 2024. Dispon\u00edvel em: https:\/\/www.researchgate.net\/publication\/382256227_A_crise_da_Nova_Republica_e_a_ascensao_autoritaria_no_Brasil<\/div><\/div><\/article><article id=\"post-41419\" class=\"cmsmasters-blog__post post-41419 post type-post status-publish format-standard hentry category-jaime-winter-leon\"><div class=\"cmsmasters-blog__post-inner\"><h3 class=\"cmsmasters-blog__post-title\"><a href=\"https:\/\/ange.org.br\/ange\/2026\/03\/31\/um-seculo-de-marxismo-teorico-no-brasil-um-debate-sobre-revolucao\/\">Um s\u00e9culo de marxismo te\u00f3rico no brasil: um debate sobre revolu\u00e7\u00e3o.<\/a><\/h3><div class=\"cmsmasters-blog__post-excerpt\">Artigo em Peri\u00f3dico (CADERNO CEDEC). MALTA, M. M.; CURTY, C.; LE\u00d3N, J. E. W. H. 2023.<\/div><\/div><\/article><article id=\"post-41417\" class=\"cmsmasters-blog__post post-41417 post type-post status-publish format-standard hentry category-jaime-winter-leon\"><div class=\"cmsmasters-blog__post-inner\"><h3 class=\"cmsmasters-blog__post-title\"><a href=\"https:\/\/ange.org.br\/ange\/2026\/03\/31\/controversias-do-pensamento-economico-brasileiro-historia-desenvolvimento-e-revolucao\/\">Controv\u00e9rsias do pensamento econ\u00f4mico brasileiro: hist\u00f3ria, desenvolvimento e revolu\u00e7\u00e3o.<\/a><\/h3><div class=\"cmsmasters-blog__post-excerpt\">Livro (Colet\u00e2nea &#8211; Cap\u00edtulos autorais e organiza\u00e7\u00e3o) MALTA, M. M.; LE\u00d3N, J. E. W. H.; Curty, C.; BORJA, B. 2022. Dispon\u00edvel em: https:\/\/eventos.ufrj.br\/evento\/lancamento-do-livro-controversias-do-pensamento-economico-brasileiro\/<\/div><\/div><\/article><article id=\"post-41415\" class=\"cmsmasters-blog__post post-41415 post type-post status-publish format-standard hentry category-jaime-winter-leon\"><div class=\"cmsmasters-blog__post-inner\"><h3 class=\"cmsmasters-blog__post-title\"><a href=\"https:\/\/ange.org.br\/ange\/2026\/03\/31\/formacao-da-sociedade-de-classes-e-a-necessidade-de-descolonizacao-no-brasil\/\">Forma\u00e7\u00e3o da sociedade de classes e a necessidade de descoloniza\u00e7\u00e3o no Brasil.<\/a><\/h3><div class=\"cmsmasters-blog__post-excerpt\">Artigo em Peri\u00f3dico (Hist\u00f3ria Econ\u00f4mica &amp; Hist\u00f3ria de Empresas). LE\u00d3N, J. E. W. H.; MALTA, M. M. 2020. Dispon\u00edvel em: https:\/\/www.hehe.org.br\/index.php\/rabphe\/article\/view\/728\/466<\/div><\/div><\/article><article id=\"post-41413\" class=\"cmsmasters-blog__post post-41413 post type-post status-publish format-standard hentry category-jaime-winter-leon\"><div class=\"cmsmasters-blog__post-inner\"><h3 class=\"cmsmasters-blog__post-title\"><a href=\"https:\/\/ange.org.br\/ange\/2026\/03\/31\/authoritarian-thinking-in-brazil-origins-and-actuality\/\">Authoritarian thinking in Brazil: origins and actuality.<\/a><\/h3><div class=\"cmsmasters-blog__post-excerpt\">Artigo em Peri\u00f3dico (Scientiarum Historia) MALTA, M. M.; LE\u00d3N, J. E. W. H.; BARBOSA, L.; CORREA, E.; LEVY, J. 2019. Dispon\u00edvel em: https:\/\/revistas.hcte.ufrj.br\/index.php\/RevistaSH\/article\/download\/67\/76\/<\/div><\/div><\/article><article id=\"post-41411\" class=\"cmsmasters-blog__post post-41411 post type-post status-publish format-standard hentry category-jaime-winter-leon\"><div class=\"cmsmasters-blog__post-inner\"><h3 class=\"cmsmasters-blog__post-title\"><a href=\"https:\/\/ange.org.br\/ange\/2026\/03\/31\/florestan-fernandes-a-escola-publica-no-capitalismo-dependente\/\">Florestan Fernandes: a escola p\u00fablica no capitalismo dependente.<\/a><\/h3><div class=\"cmsmasters-blog__post-excerpt\">Anais de Evento (XI Congresso Scientiarum Historia). LE\u00d3N, J. E. W. H.; MALTA, M. M. 2018.<\/div><\/div><\/article><article id=\"post-41409\" class=\"cmsmasters-blog__post post-41409 post type-post status-publish format-standard hentry category-jaime-winter-leon\"><div class=\"cmsmasters-blog__post-inner\"><h3 class=\"cmsmasters-blog__post-title\"><a href=\"https:\/\/ange.org.br\/ange\/2026\/03\/31\/um-debate-sobre-a-democracia-brasileira-tradicao-plutocratica-e-perspectivas-de-democratizacao-no-meio-de-uma-crise-de-poder-e-de-acumulacao\/\">Um debate sobre a democracia brasileira: tradi\u00e7\u00e3o plutocr\u00e1tica e perspectivas de democratiza\u00e7\u00e3o no meio de uma crise de poder e de acumula\u00e7\u00e3o.<\/a><\/h3><div class=\"cmsmasters-blog__post-excerpt\">Texto para Discuss\u00e3o \/ Anais (XXII ENEP). LE\u00d3N, J. E. W. H. 2017. Dispon\u00edvel em: https:\/\/www.ie.ufrj.br\/publicacoes-j\/textos-para-discussao.html<\/div><\/div><\/article><article id=\"post-41407\" class=\"cmsmasters-blog__post post-41407 post type-post status-publish format-standard hentry category-jaime-winter-leon\"><div class=\"cmsmasters-blog__post-inner\"><h3 class=\"cmsmasters-blog__post-title\"><a href=\"https:\/\/ange.org.br\/ange\/2026\/03\/31\/mudancas-sociais-no-brasil-neodesenvolvimentista-a-partir-de-uma-analise-da-relacao-entre-estado-economia-e-sociedade\/\">Mudan\u00e7as sociais no Brasil neodesenvolvimentista a partir de uma an\u00e1lise da rela\u00e7\u00e3o entre Estado, economia e sociedade.<\/a><\/h3><div class=\"cmsmasters-blog__post-excerpt\">Anais de Evento (Trabalho Completo). LE\u00d3N, J. E. W. H. 2016. Dispon\u00edvel em: https:\/\/diamantina.cedeplar.ufmg.br\/portal\/download\/diamantina-2016\/18-19-1-RV_2016_10_09_00_44_02_751.pdf<\/div><\/div><\/article><article id=\"post-41405\" class=\"cmsmasters-blog__post post-41405 post type-post status-publish format-standard hentry category-jaime-winter-leon\"><div class=\"cmsmasters-blog__post-inner\"><h3 class=\"cmsmasters-blog__post-title\"><a href=\"https:\/\/ange.org.br\/ange\/2026\/03\/31\/a-causa-historica-da-pobreza-e-desigualdade-de-renda-da-economia-brasileira-acumulacao-de-capital-sob-a-perspectiva-da-formacao-nacional\/\">A causa hist\u00f3rica da pobreza e desigualdade de renda da economia brasileira: acumula\u00e7\u00e3o de capital sob a perspectiva da forma\u00e7\u00e3o nacional<\/a><\/h3><div class=\"cmsmasters-blog__post-excerpt\">Anais de Evento (Trabalho Completo). LE\u00d3N, J. E. W. H. 2014. Dispon\u00edvel em: https:\/\/seminariomarx.wixsite.com\/marx2014\/apresentao-de-trabalhos<\/div><\/div><\/article><article id=\"post-41403\" class=\"cmsmasters-blog__post post-41403 post type-post status-publish format-standard hentry category-jaime-winter-leon\"><div class=\"cmsmasters-blog__post-inner\"><h3 class=\"cmsmasters-blog__post-title\"><a href=\"https:\/\/ange.org.br\/ange\/2026\/03\/31\/os-determinantes-do-investimento-em-michal-kalecki-e-josef-steindl-uma-questao-de-demanda-efetiva-e-de-classes\/\">OS DETERMINANTES DO INVESTIMENTO EM MICHAL KALECKI E JOSEF STEINDL: UMA QUEST\u00c3O DE DEMANDA EFETIVA E DE CLASSES<\/a><\/h3><div class=\"cmsmasters-blog__post-excerpt\">Anais de Evento (Trabalho Completo) LE\u00d3N, J. E. W. H.; PERES, J.. 2013. Dispon\u00edvel em: https:\/\/www.keynes.org.br\/v-encontro-da-akb-2012<\/div><\/div><\/article><\/div><\/div><\/div><\/div>\t\t\t\t<\/div>\n\t\t\t\t\t<\/div>\n\t\t\t\t<\/div>\n\t\t\t\t<\/div>\n\t\t","protected":false},"featured_media":40633,"template":"","meta":{"_acf_changed":false},"profile_category":[],"class_list":["post-40611","profiles","type-profiles","status-publish","has-post-thumbnail","hentry"],"acf":[],"_links":{"self":[{"href":"https:\/\/ange.org.br\/ange\/wp-json\/wp\/v2\/profiles\/40611","targetHints":{"allow":["GET"]}}],"collection":[{"href":"https:\/\/ange.org.br\/ange\/wp-json\/wp\/v2\/profiles"}],"about":[{"href":"https:\/\/ange.org.br\/ange\/wp-json\/wp\/v2\/types\/profiles"}],"version-history":[{"count":5,"href":"https:\/\/ange.org.br\/ange\/wp-json\/wp\/v2\/profiles\/40611\/revisions"}],"predecessor-version":[{"id":40924,"href":"https:\/\/ange.org.br\/ange\/wp-json\/wp\/v2\/profiles\/40611\/revisions\/40924"}],"wp:featuredmedia":[{"embeddable":true,"href":"https:\/\/ange.org.br\/ange\/wp-json\/wp\/v2\/media\/40633"}],"wp:attachment":[{"href":"https:\/\/ange.org.br\/ange\/wp-json\/wp\/v2\/media?parent=40611"}],"wp:term":[{"taxonomy":"profile_category","embeddable":true,"href":"https:\/\/ange.org.br\/ange\/wp-json\/wp\/v2\/profile_category?post=40611"}],"curies":[{"name":"wp","href":"https:\/\/api.w.org\/{rel}","templated":true}]}}